{"id":3451,"date":"2021-01-04T14:12:13","date_gmt":"2021-01-04T13:12:13","guid":{"rendered":"https:\/\/adepublicite.fr\/?page_id=3451"},"modified":"2022-07-19T10:22:08","modified_gmt":"2022-07-19T08:22:08","slug":"cadre-plexi-avec-aimants","status":"publish","type":"page","link":"https:\/\/adepublicite.fr\/en\/encadrement\/cadre-plexi-avec-aimants\/","title":{"rendered":"Cadre plexi avec aimants"},"content":{"rendered":"<table style=\"width: 100%;\">\n<tbody>\n<tr>\n<td style=\"width: 75%;\">\n<h2>Description<\/h2>\n<p><strong>Support\u00a0:<\/strong> plexi 8mm (ou autres \u00e9paisseurs)<\/p>\n<p><strong>Impression\u00a0:<\/strong> num\u00e9rique<\/p>\n<p><strong>Formats standards\u00a0:\u00a0<\/strong>15x10cm, 10x10cm (autres formats possibles)<\/p>\n<p><strong>Finitions et options\u00a0:<\/strong> d\u00e9coupe laser \u00e0 la forme, d\u00e9fonce de 4 trous pour insertion d&#8217;aimants (et autres options \u00e0 la demande)<\/p>\n<p><strong>Emballage\u00a0:<\/strong> individuel sous film<\/p>\n<p><strong>Origine\u00a0:\u00a0<\/strong>dans nos locaux en Is\u00e8re (France)<\/p>\n<p>Vous souhaitez en savoir plus sur nos techniques de fabrication d\u2019ardoise\u00a0? Consultez la page\u00a0<a href=\"http:\/\/adepublicite.fr\/savoir-faire\/\">savoir faire<\/a> ou venez <a href=\"https:\/\/adepublicite.fr\/contact\/\">nous rencontrer<\/a> !<\/td>\n<td style=\"text-align: center; vertical-align: top;\"><div id=\"metaslider-id-3755\" style=\"max-width: 700px;\" class=\"ml-slider-3-108-0 metaslider metaslider-flex metaslider-3755 ml-slider ms-theme-default nav-hidden\" role=\"region\" aria-label=\"Cadre plexi avec aimants\" data-height=\"300\" data-width=\"700\">\n    <div id=\"metaslider_container_3755\">\n        <div id=\"metaslider_3755\">\n            <ul class='slides'>\n                <li style=\"display: block; width: 100%;\" class=\"slide-3756 ms-image \" aria-roledescription=\"slide\" data-date=\"2022-07-19 10:21:10\" data-filename=\"cadre_plexi_1.jpg\" data-slide-type=\"image\"><img loading=\"lazy\" decoding=\"async\" width=\"500\" height=\"500\" src=\"https:\/\/adepublicite.fr\/wp-content\/uploads\/2020\/07\/cadre_plexi_1.jpg\" class=\"slider-3755 slide-3756 msDefaultImage\" alt=\"\" rel=\"\" title=\"cadre_plexi_1\" srcset=\"https:\/\/adepublicite.fr\/wp-content\/uploads\/2020\/07\/cadre_plexi_1.jpg 500w, https:\/\/adepublicite.fr\/wp-content\/uploads\/2020\/07\/cadre_plexi_1-300x300.jpg 300w, https:\/\/adepublicite.fr\/wp-content\/uploads\/2020\/07\/cadre_plexi_1-150x150.jpg 150w, https:\/\/adepublicite.fr\/wp-content\/uploads\/2020\/07\/cadre_plexi_1-365x365.jpg 365w\" sizes=\"auto, (max-width: 500px) 100vw, 500px\" \/><\/li>\n                <li style=\"display: none; width: 100%;\" class=\"slide-3757 ms-image \" aria-roledescription=\"slide\" data-date=\"2022-07-19 10:21:10\" data-filename=\"cadre_plexi_2.jpg\" data-slide-type=\"image\"><img loading=\"lazy\" decoding=\"async\" width=\"500\" height=\"500\" src=\"https:\/\/adepublicite.fr\/wp-content\/uploads\/2020\/07\/cadre_plexi_2.jpg\" class=\"slider-3755 slide-3757 msDefaultImage\" alt=\"\" rel=\"\" title=\"cadre_plexi_2\" srcset=\"https:\/\/adepublicite.fr\/wp-content\/uploads\/2020\/07\/cadre_plexi_2.jpg 500w, https:\/\/adepublicite.fr\/wp-content\/uploads\/2020\/07\/cadre_plexi_2-300x300.jpg 300w, https:\/\/adepublicite.fr\/wp-content\/uploads\/2020\/07\/cadre_plexi_2-150x150.jpg 150w\" sizes=\"auto, (max-width: 500px) 100vw, 500px\" \/><\/li>\n                <li style=\"display: none; width: 100%;\" class=\"slide-3758 ms-image \" aria-roledescription=\"slide\" data-date=\"2022-07-19 10:21:10\" data-filename=\"cadre_plexi_3.jpg\" data-slide-type=\"image\"><img loading=\"lazy\" decoding=\"async\" width=\"500\" height=\"500\" src=\"https:\/\/adepublicite.fr\/wp-content\/uploads\/2020\/07\/cadre_plexi_3.jpg\" class=\"slider-3755 slide-3758 msDefaultImage\" alt=\"\" rel=\"\" title=\"cadre_plexi_3\" srcset=\"https:\/\/adepublicite.fr\/wp-content\/uploads\/2020\/07\/cadre_plexi_3.jpg 500w, https:\/\/adepublicite.fr\/wp-content\/uploads\/2020\/07\/cadre_plexi_3-300x300.jpg 300w, https:\/\/adepublicite.fr\/wp-content\/uploads\/2020\/07\/cadre_plexi_3-150x150.jpg 150w\" sizes=\"auto, (max-width: 500px) 100vw, 500px\" \/><\/li>\n            <\/ul>\n        <\/div>\n        \n    <\/div>\n<\/div><\/td>\n<\/tr>\n<\/tbody>\n<\/table>\n<table>\n<tbody>\n<tr>\n<td><\/td>\n<\/tr>\n<\/tbody>\n<\/table>\n<h2>Tarifs<\/h2>\n<p>Nos tarifs d\u00e9pendent de vos crit\u00e8res de personnalisation (la taille de l\u2019ardoise, le nombre de couleurs \u00e0 l&#8217;impression, le type d\u2019encadrement, si besoin la retouche de vos fichiers, la quantit\u00e9 souhait\u00e9e&#8230; voir nos\u00a0<a href=\"http:\/\/adepublicite.fr\/savoir-faire\/\">savoir faire<\/a>\u00a0pour plus d&#8217;explications), et sont donc exclusivement sur devis.<\/p>\n<table>\n<tbody>\n<tr>\n<td><\/td>\n<\/tr>\n<\/tbody>\n<\/table>\n<h2>Articles associ\u00e9s<\/h2>\n<table style=\"width: 100%;\">\n<tbody>\n<tr>\n<td style=\"width: 20%; text-align: center;\"><a href=\"https:\/\/adepublicite.fr\/encadrement\/encadrement-daffiche\/\"><img loading=\"lazy\" decoding=\"async\" class=\"alignnone wp-image-165 size-medium\" src=\"https:\/\/adepublicite.fr\/wp-content\/uploads\/2018\/05\/encadrement_1-300x300.jpg\" alt=\"\" width=\"300\" height=\"300\" srcset=\"https:\/\/adepublicite.fr\/wp-content\/uploads\/2018\/05\/encadrement_1-300x300.jpg 300w, https:\/\/adepublicite.fr\/wp-content\/uploads\/2018\/05\/encadrement_1-150x150.jpg 150w, https:\/\/adepublicite.fr\/wp-content\/uploads\/2018\/05\/encadrement_1-365x365.jpg 365w, https:\/\/adepublicite.fr\/wp-content\/uploads\/2018\/05\/encadrement_1.jpg 500w\" sizes=\"auto, (max-width: 300px) 100vw, 300px\" \/><\/a><\/td>\n<td style=\"width: 20%; text-align: center;\"><a href=\"https:\/\/adepublicite.fr\/encadrement\/encadrement-divers-supports\/\"><img loading=\"lazy\" decoding=\"async\" class=\"alignnone wp-image-169 size-medium\" src=\"http:\/\/adepublicite.fr\/wp-content\/uploads\/2018\/05\/encadrement_divers_1-300x300.jpg\" alt=\"\" width=\"300\" height=\"300\" srcset=\"https:\/\/adepublicite.fr\/wp-content\/uploads\/2018\/05\/encadrement_divers_1-300x300.jpg 300w, https:\/\/adepublicite.fr\/wp-content\/uploads\/2018\/05\/encadrement_divers_1-150x150.jpg 150w, https:\/\/adepublicite.fr\/wp-content\/uploads\/2018\/05\/encadrement_divers_1-365x365.jpg 365w, https:\/\/adepublicite.fr\/wp-content\/uploads\/2018\/05\/encadrement_divers_1.jpg 500w\" sizes=\"auto, (max-width: 300px) 100vw, 300px\" \/><\/a><\/td>\n<td style=\"width: 20%; text-align: center;\"><a href=\"https:\/\/adepublicite.fr\/impression-autres-supports\/\"><img loading=\"lazy\" decoding=\"async\" class=\"alignnone wp-image-176 size-medium\" src=\"https:\/\/adepublicite.fr\/wp-content\/uploads\/2018\/05\/imp_alu_4-300x300.jpg\" alt=\"\" width=\"300\" height=\"300\" srcset=\"https:\/\/adepublicite.fr\/wp-content\/uploads\/2018\/05\/imp_alu_4-300x300.jpg 300w, https:\/\/adepublicite.fr\/wp-content\/uploads\/2018\/05\/imp_alu_4-150x150.jpg 150w, https:\/\/adepublicite.fr\/wp-content\/uploads\/2018\/05\/imp_alu_4.jpg 500w\" sizes=\"auto, (max-width: 300px) 100vw, 300px\" \/><\/a><\/td>\n<td style=\"text-align: center;\"><\/td>\n<td style=\"text-align: center;\"><\/td>\n<\/tr>\n<tr>\n<td style=\"background-color: #ffffff; text-align: center;\"><a href=\"https:\/\/adepublicite.fr\/encadrement\/encadrement-daffiche\/\">Encadrement d&#8217;affiche<\/a><\/td>\n<td style=\"background-color: #ffffff; text-align: center;\"><a href=\"https:\/\/adepublicite.fr\/encadrement\/encadrement-divers-supports\/\">Encadrement divers supports<\/a><\/td>\n<td style=\"background-color: #ffffff; text-align: center;\"><a href=\"https:\/\/adepublicite.fr\/impression-autres-supports\/\">Tableau imprim\u00e9<\/a><\/td>\n<td style=\"background-color: #ffffff; text-align: center;\"><\/td>\n<td style=\"background-color: #ffffff; text-align: center;\"><\/td>\n<\/tr>\n<\/tbody>\n<\/table>\n","protected":false},"excerpt":{"rendered":"<p>Description Support&nbsp;: plexi 8mm (ou autres &eacute;paisseurs) Impression&nbsp;: num&eacute;rique Formats standards&nbsp;:&nbsp;15x10cm, 10x10cm (autres formats possibles) Finitions et options&nbsp;: d&eacute;coupe laser &agrave; la forme, d&eacute;fonce de 4 trous pour insertion d&rsquo;aimants (et autres options &agrave; la demande) Emballage&nbsp;: individuel sous film &hellip; <a href=\"https:\/\/adepublicite.fr\/en\/encadrement\/cadre-plexi-avec-aimants\/\">Continued<\/a><\/p>\n","protected":false},"author":1,"featured_media":2764,"parent":479,"menu_order":0,"comment_status":"closed","ping_status":"closed","template":"","meta":{"kt_blocks_editor_width":"","_monsterinsights_skip_tracking":false,"_monsterinsights_sitenote_active":false,"_monsterinsights_sitenote_note":"","_monsterinsights_sitenote_category":0,"footnotes":""},"class_list":["post-3451","page","type-page","status-publish","has-post-thumbnail","hentry"],"translation":{"provider":"WPGlobus","version":"3.0.2","language":"en","enabled_languages":["fr","en"],"languages":{"fr":{"title":true,"content":true,"excerpt":false},"en":{"title":false,"content":false,"excerpt":false}}},"yoast_head":"<!-- This site is optimized with the Yoast SEO plugin v27.5 - https:\/\/yoast.com\/product\/yoast-seo-wordpress\/ -->\n<title>Cadre plexi avec aimants personnalis\u00e9 sur mesure<\/title>\n<meta name=\"robots\" content=\"index, follow, max-snippet:-1, max-image-preview:large, max-video-preview:-1\" \/>\n<link rel=\"canonical\" href=\"https:\/\/adepublicite.fr\/encadrement\/cadre-plexi-avec-aimants\/\" \/>\n<meta property=\"og:locale\" content=\"en_US\" \/>\n<meta property=\"og:type\" content=\"article\" \/>\n<meta property=\"og:title\" content=\"Cadre plexi avec aimants - ADE Publicit\u00e9\" \/>\n<meta property=\"og:url\" content=\"https:\/\/adepublicite.fr\/encadrement\/cadre-plexi-avec-aimants\/\" \/>\n<meta property=\"og:site_name\" content=\"ADE Publicit\u00e9\" \/>\n<meta property=\"article:publisher\" content=\"https:\/\/www.facebook.com\/adepublicite\/?ref=bookmarks\" \/>\n<meta property=\"article:modified_time\" content=\"2022-07-19T08:22:08+00:00\" \/>\n<meta property=\"og:image\" content=\"https:\/\/adepublicite.fr\/wp-content\/uploads\/2020\/07\/cadre_plexi_1.jpg\" \/>\n\t<meta property=\"og:image:width\" content=\"500\" \/>\n\t<meta property=\"og:image:height\" content=\"500\" \/>\n\t<meta property=\"og:image:type\" content=\"image\/jpeg\" \/>\n<meta name=\"twitter:card\" content=\"summary_large_image\" \/>\n<meta name=\"twitter:label1\" content=\"Est. reading time\" \/>\n\t<meta name=\"twitter:data1\" content=\"2 minutes\" \/>\n<script type=\"application\/ld+json\" class=\"yoast-schema-graph\">{\"@context\":\"https:\\\/\\\/schema.org\",\"@graph\":[{\"@type\":\"WebPage\",\"@id\":\"https:\\\/\\\/adepublicite.fr\\\/encadrement\\\/cadre-plexi-avec-aimants\\\/\",\"url\":\"https:\\\/\\\/adepublicite.fr\\\/encadrement\\\/cadre-plexi-avec-aimants\\\/\",\"name\":\"Cadre plexi avec aimants personnalis\u00e9 sur mesure\",\"isPartOf\":{\"@id\":\"https:\\\/\\\/adepublicite.fr\\\/#website\"},\"primaryImageOfPage\":{\"@id\":\"https:\\\/\\\/adepublicite.fr\\\/encadrement\\\/cadre-plexi-avec-aimants\\\/#primaryimage\"},\"image\":{\"@id\":\"https:\\\/\\\/adepublicite.fr\\\/encadrement\\\/cadre-plexi-avec-aimants\\\/#primaryimage\"},\"thumbnailUrl\":\"https:\\\/\\\/adepublicite.fr\\\/wp-content\\\/uploads\\\/2020\\\/07\\\/cadre_plexi_1.jpg\",\"datePublished\":\"2021-01-04T13:12:13+00:00\",\"dateModified\":\"2022-07-19T08:22:08+00:00\",\"breadcrumb\":{\"@id\":\"https:\\\/\\\/adepublicite.fr\\\/encadrement\\\/cadre-plexi-avec-aimants\\\/#breadcrumb\"},\"inLanguage\":\"en-US\",\"potentialAction\":[{\"@type\":\"ReadAction\",\"target\":[\"https:\\\/\\\/adepublicite.fr\\\/encadrement\\\/cadre-plexi-avec-aimants\\\/\"]}]},{\"@type\":\"ImageObject\",\"inLanguage\":\"en-US\",\"@id\":\"https:\\\/\\\/adepublicite.fr\\\/encadrement\\\/cadre-plexi-avec-aimants\\\/#primaryimage\",\"url\":\"https:\\\/\\\/adepublicite.fr\\\/wp-content\\\/uploads\\\/2020\\\/07\\\/cadre_plexi_1.jpg\",\"contentUrl\":\"https:\\\/\\\/adepublicite.fr\\\/wp-content\\\/uploads\\\/2020\\\/07\\\/cadre_plexi_1.jpg\",\"width\":500,\"height\":500},{\"@type\":\"BreadcrumbList\",\"@id\":\"https:\\\/\\\/adepublicite.fr\\\/encadrement\\\/cadre-plexi-avec-aimants\\\/#breadcrumb\",\"itemListElement\":[{\"@type\":\"ListItem\",\"position\":1,\"name\":\"Accueil\",\"item\":\"https:\\\/\\\/adepublicite.fr\\\/\"},{\"@type\":\"ListItem\",\"position\":2,\"name\":\"Encadrement\",\"item\":\"https:\\\/\\\/adepublicite.fr\\\/encadrement\\\/\"},{\"@type\":\"ListItem\",\"position\":3,\"name\":\"Cadre plexi avec aimants\"}]},{\"@type\":\"WebSite\",\"@id\":\"https:\\\/\\\/adepublicite.fr\\\/#website\",\"url\":\"https:\\\/\\\/adepublicite.fr\\\/\",\"name\":\"ADE Publicit\u00e9\",\"description\":\"\",\"publisher\":{\"@id\":\"https:\\\/\\\/adepublicite.fr\\\/#organization\"},\"potentialAction\":[{\"@type\":\"SearchAction\",\"target\":{\"@type\":\"EntryPoint\",\"urlTemplate\":\"https:\\\/\\\/adepublicite.fr\\\/?s={search_term_string}\"},\"query-input\":{\"@type\":\"PropertyValueSpecification\",\"valueRequired\":true,\"valueName\":\"search_term_string\"}}],\"inLanguage\":\"en-US\"},{\"@type\":\"Organization\",\"@id\":\"https:\\\/\\\/adepublicite.fr\\\/#organization\",\"name\":\"ADE Publicit\u00e9\",\"url\":\"https:\\\/\\\/adepublicite.fr\\\/\",\"logo\":{\"@type\":\"ImageObject\",\"inLanguage\":\"en-US\",\"@id\":\"https:\\\/\\\/adepublicite.fr\\\/#\\\/schema\\\/logo\\\/image\\\/\",\"url\":\"https:\\\/\\\/adepublicite.fr\\\/wp-content\\\/uploads\\\/2018\\\/05\\\/FAVICON.png\",\"contentUrl\":\"https:\\\/\\\/adepublicite.fr\\\/wp-content\\\/uploads\\\/2018\\\/05\\\/FAVICON.png\",\"width\":512,\"height\":512,\"caption\":\"ADE Publicit\u00e9\"},\"image\":{\"@id\":\"https:\\\/\\\/adepublicite.fr\\\/#\\\/schema\\\/logo\\\/image\\\/\"},\"sameAs\":[\"https:\\\/\\\/www.facebook.com\\\/adepublicite\\\/?ref=bookmarks\",\"https:\\\/\\\/www.linkedin.com\\\/company\\\/ade-publicit\u00e9\\\/\"]}]}<\/script>\n<!-- \/ Yoast SEO plugin. -->","yoast_head_json":{"title":"Cadre plexi avec aimants personnalis\u00e9 sur mesure","robots":{"index":"index","follow":"follow","max-snippet":"max-snippet:-1","max-image-preview":"max-image-preview:large","max-video-preview":"max-video-preview:-1"},"canonical":"https:\/\/adepublicite.fr\/encadrement\/cadre-plexi-avec-aimants\/","og_locale":"en_US","og_type":"article","og_title":"Cadre plexi avec aimants - ADE Publicit\u00e9","og_url":"https:\/\/adepublicite.fr\/encadrement\/cadre-plexi-avec-aimants\/","og_site_name":"ADE Publicit\u00e9","article_publisher":"https:\/\/www.facebook.com\/adepublicite\/?ref=bookmarks","article_modified_time":"2022-07-19T08:22:08+00:00","og_image":[{"width":500,"height":500,"url":"https:\/\/adepublicite.fr\/wp-content\/uploads\/2020\/07\/cadre_plexi_1.jpg","type":"image\/jpeg"}],"twitter_card":"summary_large_image","twitter_misc":{"Est. reading time":"2 minutes"},"schema":{"@context":"https:\/\/schema.org","@graph":[{"@type":"WebPage","@id":"https:\/\/adepublicite.fr\/encadrement\/cadre-plexi-avec-aimants\/","url":"https:\/\/adepublicite.fr\/encadrement\/cadre-plexi-avec-aimants\/","name":"Cadre plexi avec aimants personnalis\u00e9 sur mesure","isPartOf":{"@id":"https:\/\/adepublicite.fr\/#website"},"primaryImageOfPage":{"@id":"https:\/\/adepublicite.fr\/encadrement\/cadre-plexi-avec-aimants\/#primaryimage"},"image":{"@id":"https:\/\/adepublicite.fr\/encadrement\/cadre-plexi-avec-aimants\/#primaryimage"},"thumbnailUrl":"https:\/\/adepublicite.fr\/wp-content\/uploads\/2020\/07\/cadre_plexi_1.jpg","datePublished":"2021-01-04T13:12:13+00:00","dateModified":"2022-07-19T08:22:08+00:00","breadcrumb":{"@id":"https:\/\/adepublicite.fr\/encadrement\/cadre-plexi-avec-aimants\/#breadcrumb"},"inLanguage":"en-US","potentialAction":[{"@type":"ReadAction","target":["https:\/\/adepublicite.fr\/encadrement\/cadre-plexi-avec-aimants\/"]}]},{"@type":"ImageObject","inLanguage":"en-US","@id":"https:\/\/adepublicite.fr\/encadrement\/cadre-plexi-avec-aimants\/#primaryimage","url":"https:\/\/adepublicite.fr\/wp-content\/uploads\/2020\/07\/cadre_plexi_1.jpg","contentUrl":"https:\/\/adepublicite.fr\/wp-content\/uploads\/2020\/07\/cadre_plexi_1.jpg","width":500,"height":500},{"@type":"BreadcrumbList","@id":"https:\/\/adepublicite.fr\/encadrement\/cadre-plexi-avec-aimants\/#breadcrumb","itemListElement":[{"@type":"ListItem","position":1,"name":"Accueil","item":"https:\/\/adepublicite.fr\/"},{"@type":"ListItem","position":2,"name":"Encadrement","item":"https:\/\/adepublicite.fr\/encadrement\/"},{"@type":"ListItem","position":3,"name":"Cadre plexi avec aimants"}]},{"@type":"WebSite","@id":"https:\/\/adepublicite.fr\/#website","url":"https:\/\/adepublicite.fr\/","name":"ADE Publicit\u00e9","description":"","publisher":{"@id":"https:\/\/adepublicite.fr\/#organization"},"potentialAction":[{"@type":"SearchAction","target":{"@type":"EntryPoint","urlTemplate":"https:\/\/adepublicite.fr\/?s={search_term_string}"},"query-input":{"@type":"PropertyValueSpecification","valueRequired":true,"valueName":"search_term_string"}}],"inLanguage":"en-US"},{"@type":"Organization","@id":"https:\/\/adepublicite.fr\/#organization","name":"ADE Publicit\u00e9","url":"https:\/\/adepublicite.fr\/","logo":{"@type":"ImageObject","inLanguage":"en-US","@id":"https:\/\/adepublicite.fr\/#\/schema\/logo\/image\/","url":"https:\/\/adepublicite.fr\/wp-content\/uploads\/2018\/05\/FAVICON.png","contentUrl":"https:\/\/adepublicite.fr\/wp-content\/uploads\/2018\/05\/FAVICON.png","width":512,"height":512,"caption":"ADE Publicit\u00e9"},"image":{"@id":"https:\/\/adepublicite.fr\/#\/schema\/logo\/image\/"},"sameAs":["https:\/\/www.facebook.com\/adepublicite\/?ref=bookmarks","https:\/\/www.linkedin.com\/company\/ade-publicit\u00e9\/"]}]}},"amp_enabled":true,"_links":{"self":[{"href":"https:\/\/adepublicite.fr\/en\/wp-json\/wp\/v2\/pages\/3451","targetHints":{"allow":["GET"]}}],"collection":[{"href":"https:\/\/adepublicite.fr\/en\/wp-json\/wp\/v2\/pages"}],"about":[{"href":"https:\/\/adepublicite.fr\/en\/wp-json\/wp\/v2\/types\/page"}],"author":[{"embeddable":true,"href":"https:\/\/adepublicite.fr\/en\/wp-json\/wp\/v2\/users\/1"}],"replies":[{"embeddable":true,"href":"https:\/\/adepublicite.fr\/en\/wp-json\/wp\/v2\/comments?post=3451"}],"version-history":[{"count":5,"href":"https:\/\/adepublicite.fr\/en\/wp-json\/wp\/v2\/pages\/3451\/revisions"}],"predecessor-version":[{"id":3760,"href":"https:\/\/adepublicite.fr\/en\/wp-json\/wp\/v2\/pages\/3451\/revisions\/3760"}],"up":[{"embeddable":true,"href":"https:\/\/adepublicite.fr\/en\/wp-json\/wp\/v2\/pages\/479"}],"wp:featuredmedia":[{"embeddable":true,"href":"https:\/\/adepublicite.fr\/en\/wp-json\/wp\/v2\/media\/2764"}],"wp:attachment":[{"href":"https:\/\/adepublicite.fr\/en\/wp-json\/wp\/v2\/media?parent=3451"}],"curies":[{"name":"wp","href":"https:\/\/api.w.org\/{rel}","templated":true}]}}